{"id":16654,"date":"2022-01-05T00:15:15","date_gmt":"2022-01-05T03:15:15","guid":{"rendered":"https:\/\/mjtom.com.br\/site1\/?page_id=16654"},"modified":"2022-01-05T00:18:21","modified_gmt":"2022-01-05T03:18:21","slug":"noticias-eventos","status":"publish","type":"page","link":"https:\/\/sinprfsp.org.br\/index.php\/noticias-eventos\/","title":{"rendered":"Eventos"},"content":{"rendered":"\t\t<div data-elementor-type=\"wp-page\" data-elementor-id=\"16654\" class=\"elementor elementor-16654\">\n\t\t\t\t\t\t<section class=\"elementor-section elementor-top-section elementor-element elementor-element-f857e5b elementor-section-boxed elementor-section-height-default elementor-section-height-default\" data-id=\"f857e5b\" data-element_type=\"section\">\n\t\t\t\t\t\t<div class=\"elementor-container elementor-column-gap-default\">\n\t\t\t\t\t<div class=\"elementor-column elementor-col-100 elementor-top-column elementor-element elementor-element-a9c941b top column-style-top\" data-id=\"a9c941b\" data-element_type=\"column\">\n\t\t\t<div class=\"elementor-widget-wrap elementor-element-populated\">\n\t\t\t\t\t\t<div class=\"elementor-element elementor-element-aff84bf elementor-grid-3 elementor-grid-tablet-2 elementor-grid-mobile-1 elementor-posts--thumbnail-top elementor-widget elementor-widget-posts\" data-id=\"aff84bf\" data-element_type=\"widget\" data-settings=\"{&quot;classic_columns&quot;:&quot;3&quot;,&quot;classic_columns_tablet&quot;:&quot;2&quot;,&quot;classic_columns_mobile&quot;:&quot;1&quot;,&quot;classic_row_gap&quot;:{&quot;unit&quot;:&quot;px&quot;,&quot;size&quot;:35,&quot;sizes&quot;:[]}}\" data-widget_type=\"posts.classic\">\n\t\t\t\t<div class=\"elementor-widget-container\">\n\t\t\t\t\t\t\t<div class=\"elementor-posts-container elementor-posts elementor-posts--skin-classic elementor-grid\">\n\t\t\t\t<article class=\"elementor-post elementor-grid-item post-20042 post type-post status-publish format-standard has-post-thumbnail hentry category-noticias-em-destaque\">\n\t\t\t\t<a class=\"elementor-post__thumbnail__link\" href=\"https:\/\/sinprfsp.org.br\/index.php\/2026\/08\/28\/sinprf-sp-realiza-pagamento-do-amfas-2\/\" >\n\t\t\t<div class=\"elementor-post__thumbnail\"><img fetchpriority=\"high\" decoding=\"async\" width=\"600\" height=\"600\" src=\"https:\/\/sinprfsp.org.br\/wp-content\/uploads\/2026\/08\/Pagamento-Amfas-PRF-Darci-Vieira-Siqueira_-600x600.jpg\" class=\"attachment-medium size-medium wp-image-20045\" alt=\"\" srcset=\"https:\/\/sinprfsp.org.br\/wp-content\/uploads\/2026\/08\/Pagamento-Amfas-PRF-Darci-Vieira-Siqueira_-600x600.jpg 600w, https:\/\/sinprfsp.org.br\/wp-content\/uploads\/2026\/08\/Pagamento-Amfas-PRF-Darci-Vieira-Siqueira_-180x180.jpg 180w, https:\/\/sinprfsp.org.br\/wp-content\/uploads\/2026\/08\/Pagamento-Amfas-PRF-Darci-Vieira-Siqueira_-24x24.jpg 24w, https:\/\/sinprfsp.org.br\/wp-content\/uploads\/2026\/08\/Pagamento-Amfas-PRF-Darci-Vieira-Siqueira_-48x48.jpg 48w, https:\/\/sinprfsp.org.br\/wp-content\/uploads\/2026\/08\/Pagamento-Amfas-PRF-Darci-Vieira-Siqueira_-96x96.jpg 96w, https:\/\/sinprfsp.org.br\/wp-content\/uploads\/2026\/08\/Pagamento-Amfas-PRF-Darci-Vieira-Siqueira_-150x150.jpg 150w, https:\/\/sinprfsp.org.br\/wp-content\/uploads\/2026\/08\/Pagamento-Amfas-PRF-Darci-Vieira-Siqueira_-300x300.jpg 300w\" sizes=\"(max-width: 600px) 100vw, 600px\" \/><\/div>\n\t\t<\/a>\n\t\t\t\t<div class=\"elementor-post__text\">\n\t\t\t\t<h3 class=\"elementor-post__title\">\n\t\t\t<a href=\"https:\/\/sinprfsp.org.br\/index.php\/2026\/08\/28\/sinprf-sp-realiza-pagamento-do-amfas-2\/\" >\n\t\t\t\tSINPRF-SP realiza pagamento do AMFAS\t\t\t<\/a>\n\t\t<\/h3>\n\t\t\t\t<div class=\"elementor-post__meta-data\">\n\t\t\t\t\t<span class=\"elementor-post-date\">\n\t\t\t28 de agosto de 2026\t\t<\/span>\n\t\t\t\t<\/div>\n\t\t\t\t<div class=\"elementor-post__excerpt\">\n\t\t\t<p>A diretoria do Sindicato dos Policiais Rodovi\u00e1rios Federais de S\u00e3o Paulo (SINPRF-SP) efetuou o pagamento da Ajuda M\u00fatua \u00e0 Fam\u00edlia do Sindicalizado (AMFAS) aos benefici\u00e1rios<\/p>\n\t\t<\/div>\n\t\t\t\t<\/div>\n\t\t\t\t<\/article>\n\t\t\t\t<article class=\"elementor-post elementor-grid-item post-20039 post type-post status-publish format-standard has-post-thumbnail hentry category-noticias-em-destaque\">\n\t\t\t\t<a class=\"elementor-post__thumbnail__link\" href=\"https:\/\/sinprfsp.org.br\/index.php\/2026\/08\/27\/diretoria-da-fenaprf-reune-se-com-assessoria-do-relator-da-pec-na-ccj-do-senado\/\" >\n\t\t\t<div class=\"elementor-post__thumbnail\"><img decoding=\"async\" width=\"600\" height=\"600\" src=\"https:\/\/sinprfsp.org.br\/wp-content\/uploads\/2026\/08\/Reuniao-com-assessoria-legislativa-senador-Rogerio-Carvalho_-Fabio_26de-agosto-de-2026-600x600.jpeg\" class=\"attachment-medium size-medium wp-image-20040\" alt=\"\" srcset=\"https:\/\/sinprfsp.org.br\/wp-content\/uploads\/2026\/08\/Reuniao-com-assessoria-legislativa-senador-Rogerio-Carvalho_-Fabio_26de-agosto-de-2026-600x600.jpeg 600w, https:\/\/sinprfsp.org.br\/wp-content\/uploads\/2026\/08\/Reuniao-com-assessoria-legislativa-senador-Rogerio-Carvalho_-Fabio_26de-agosto-de-2026-180x180.jpeg 180w, https:\/\/sinprfsp.org.br\/wp-content\/uploads\/2026\/08\/Reuniao-com-assessoria-legislativa-senador-Rogerio-Carvalho_-Fabio_26de-agosto-de-2026-24x24.jpeg 24w, https:\/\/sinprfsp.org.br\/wp-content\/uploads\/2026\/08\/Reuniao-com-assessoria-legislativa-senador-Rogerio-Carvalho_-Fabio_26de-agosto-de-2026-48x48.jpeg 48w, https:\/\/sinprfsp.org.br\/wp-content\/uploads\/2026\/08\/Reuniao-com-assessoria-legislativa-senador-Rogerio-Carvalho_-Fabio_26de-agosto-de-2026-96x96.jpeg 96w, https:\/\/sinprfsp.org.br\/wp-content\/uploads\/2026\/08\/Reuniao-com-assessoria-legislativa-senador-Rogerio-Carvalho_-Fabio_26de-agosto-de-2026-150x150.jpeg 150w, https:\/\/sinprfsp.org.br\/wp-content\/uploads\/2026\/08\/Reuniao-com-assessoria-legislativa-senador-Rogerio-Carvalho_-Fabio_26de-agosto-de-2026-300x300.jpeg 300w\" sizes=\"(max-width: 600px) 100vw, 600px\" \/><\/div>\n\t\t<\/a>\n\t\t\t\t<div class=\"elementor-post__text\">\n\t\t\t\t<h3 class=\"elementor-post__title\">\n\t\t\t<a href=\"https:\/\/sinprfsp.org.br\/index.php\/2026\/08\/27\/diretoria-da-fenaprf-reune-se-com-assessoria-do-relator-da-pec-na-ccj-do-senado\/\" >\n\t\t\t\tDiretoria da FenaPRF re\u00fane-se com assessoria do relator da PEC na CCJ do Senado\t\t\t<\/a>\n\t\t<\/h3>\n\t\t\t\t<div class=\"elementor-post__meta-data\">\n\t\t\t\t\t<span class=\"elementor-post-date\">\n\t\t\t27 de agosto de 2026\t\t<\/span>\n\t\t\t\t<\/div>\n\t\t\t\t<div class=\"elementor-post__excerpt\">\n\t\t\t<p>O delegado representante do SINPRF-SP na FenaPRF e diretor de secretaria da Federa\u00e7\u00e3o, F\u00e1bio Lu\u00eds de Almeida, participou, ao lado de outros membros da diretoria,<\/p>\n\t\t<\/div>\n\t\t\t\t<\/div>\n\t\t\t\t<\/article>\n\t\t\t\t<article class=\"elementor-post elementor-grid-item post-20036 post type-post status-publish format-standard has-post-thumbnail hentry category-noticias-em-destaque\">\n\t\t\t\t<a class=\"elementor-post__thumbnail__link\" href=\"https:\/\/sinprfsp.org.br\/index.php\/2026\/08\/26\/sinprf-sp-participa-de-reuniao-com-a-geap-e-questiona-reducao-de-atendimentos\/\" >\n\t\t\t<div class=\"elementor-post__thumbnail\"><img decoding=\"async\" width=\"600\" height=\"600\" src=\"https:\/\/sinprfsp.org.br\/wp-content\/uploads\/2026\/08\/GEAP-600x600.jpg\" class=\"attachment-medium size-medium wp-image-20037\" alt=\"\" srcset=\"https:\/\/sinprfsp.org.br\/wp-content\/uploads\/2026\/08\/GEAP-600x600.jpg 600w, https:\/\/sinprfsp.org.br\/wp-content\/uploads\/2026\/08\/GEAP-180x180.jpg 180w, https:\/\/sinprfsp.org.br\/wp-content\/uploads\/2026\/08\/GEAP-24x24.jpg 24w, https:\/\/sinprfsp.org.br\/wp-content\/uploads\/2026\/08\/GEAP-48x48.jpg 48w, https:\/\/sinprfsp.org.br\/wp-content\/uploads\/2026\/08\/GEAP-96x96.jpg 96w, https:\/\/sinprfsp.org.br\/wp-content\/uploads\/2026\/08\/GEAP-150x150.jpg 150w, https:\/\/sinprfsp.org.br\/wp-content\/uploads\/2026\/08\/GEAP-300x300.jpg 300w\" sizes=\"(max-width: 600px) 100vw, 600px\" \/><\/div>\n\t\t<\/a>\n\t\t\t\t<div class=\"elementor-post__text\">\n\t\t\t\t<h3 class=\"elementor-post__title\">\n\t\t\t<a href=\"https:\/\/sinprfsp.org.br\/index.php\/2026\/08\/26\/sinprf-sp-participa-de-reuniao-com-a-geap-e-questiona-reducao-de-atendimentos\/\" >\n\t\t\t\tSINPRF-SP participa de reuni\u00e3o com a GEAP e questiona redu\u00e7\u00e3o de atendimentos\t\t\t<\/a>\n\t\t<\/h3>\n\t\t\t\t<div class=\"elementor-post__meta-data\">\n\t\t\t\t\t<span class=\"elementor-post-date\">\n\t\t\t26 de agosto de 2026\t\t<\/span>\n\t\t\t\t<\/div>\n\t\t\t\t<div class=\"elementor-post__excerpt\">\n\t\t\t<p>O presidente do SINPRF-SP, Ot\u00e1vio Oliveira, e o chefe da SGP-SP, PRF Natanael participaram no \u00faltimo dia 13 de reuni\u00e3o com a dire\u00e7\u00e3o da GEAP.<\/p>\n\t\t<\/div>\n\t\t\t\t<\/div>\n\t\t\t\t<\/article>\n\t\t\t\t<article class=\"elementor-post elementor-grid-item post-20030 post type-post status-publish format-standard has-post-thumbnail hentry category-noticias-em-destaque\">\n\t\t\t\t<a class=\"elementor-post__thumbnail__link\" href=\"https:\/\/sinprfsp.org.br\/index.php\/2026\/08\/04\/fenaprf-reforca-atuacao-no-stf-em-defesa-da-aposentadoria-policial\/\" >\n\t\t\t<div class=\"elementor-post__thumbnail\"><img loading=\"lazy\" decoding=\"async\" width=\"600\" height=\"540\" src=\"https:\/\/sinprfsp.org.br\/wp-content\/uploads\/2026\/08\/260804-SINPRF-SP-600x540.jpg\" class=\"attachment-medium size-medium wp-image-20031\" alt=\"\" \/><\/div>\n\t\t<\/a>\n\t\t\t\t<div class=\"elementor-post__text\">\n\t\t\t\t<h3 class=\"elementor-post__title\">\n\t\t\t<a href=\"https:\/\/sinprfsp.org.br\/index.php\/2026\/08\/04\/fenaprf-reforca-atuacao-no-stf-em-defesa-da-aposentadoria-policial\/\" >\n\t\t\t\tFenaPRF refor\u00e7a atua\u00e7\u00e3o no STF em defesa da aposentadoria policial\t\t\t<\/a>\n\t\t<\/h3>\n\t\t\t\t<div class=\"elementor-post__meta-data\">\n\t\t\t\t\t<span class=\"elementor-post-date\">\n\t\t\t4 de agosto de 2026\t\t<\/span>\n\t\t\t\t<\/div>\n\t\t\t\t<div class=\"elementor-post__excerpt\">\n\t\t\t<p>Nesta segunda-feira (03\/08) representantes da FenaPRF foram recebidos pelo Ministro do Supremo Tribunal Federal, Fl\u00e1vio Dino, relator da ADI n\u00ba 7726, que discute a constitucionalidade<\/p>\n\t\t<\/div>\n\t\t\t\t<\/div>\n\t\t\t\t<\/article>\n\t\t\t\t<article class=\"elementor-post elementor-grid-item post-20023 post type-post status-publish format-standard has-post-thumbnail hentry category-noticias-em-destaque\">\n\t\t\t\t<a class=\"elementor-post__thumbnail__link\" href=\"https:\/\/sinprfsp.org.br\/index.php\/2026\/08\/03\/diretor-geral-da-prf-assina-in-172-26-e-normatiza-o-redes\/\" >\n\t\t\t<div class=\"elementor-post__thumbnail\"><img loading=\"lazy\" decoding=\"async\" width=\"600\" height=\"372\" src=\"https:\/\/sinprfsp.org.br\/wp-content\/uploads\/2026\/08\/Redes-saude-600x372.jpeg\" class=\"attachment-medium size-medium wp-image-20028\" alt=\"\" \/><\/div>\n\t\t<\/a>\n\t\t\t\t<div class=\"elementor-post__text\">\n\t\t\t\t<h3 class=\"elementor-post__title\">\n\t\t\t<a href=\"https:\/\/sinprfsp.org.br\/index.php\/2026\/08\/03\/diretor-geral-da-prf-assina-in-172-26-e-normatiza-o-redes\/\" >\n\t\t\t\tDiretor-geral da PRF assina IN 172\/26 e normatiza o REDES\t\t\t<\/a>\n\t\t<\/h3>\n\t\t\t\t<div class=\"elementor-post__meta-data\">\n\t\t\t\t\t<span class=\"elementor-post-date\">\n\t\t\t3 de agosto de 2026\t\t<\/span>\n\t\t\t\t<\/div>\n\t\t\t\t<div class=\"elementor-post__excerpt\">\n\t\t\t<p>O diretor-geral da Pol\u00edcia Rodovi\u00e1ria Federal, Fernando Oliveira, assinou no dia 31 de julho a Instru\u00e7\u00e3o Normativa n\u00ba 172\/26, que normatiza o regulamento do Programa<\/p>\n\t\t<\/div>\n\t\t\t\t<\/div>\n\t\t\t\t<\/article>\n\t\t\t\t<article class=\"elementor-post elementor-grid-item post-20020 post type-post status-publish format-standard has-post-thumbnail hentry category-noticias-em-destaque\">\n\t\t\t\t<a class=\"elementor-post__thumbnail__link\" href=\"https:\/\/sinprfsp.org.br\/index.php\/2026\/07\/30\/justica-reconhece-direito-ao-computo-de-tempo-de-servico-policial-e-militar-para-aposentadoria-de-policiais-rodoviarios-federais\/\" >\n\t\t\t<div class=\"elementor-post__thumbnail\"><img loading=\"lazy\" decoding=\"async\" width=\"600\" height=\"600\" src=\"https:\/\/sinprfsp.org.br\/wp-content\/uploads\/2026\/07\/IMG-20260730-WA0005-600x600.jpg\" class=\"attachment-medium size-medium wp-image-20021\" alt=\"\" srcset=\"https:\/\/sinprfsp.org.br\/wp-content\/uploads\/2026\/07\/IMG-20260730-WA0005-600x600.jpg 600w, https:\/\/sinprfsp.org.br\/wp-content\/uploads\/2026\/07\/IMG-20260730-WA0005-180x180.jpg 180w, https:\/\/sinprfsp.org.br\/wp-content\/uploads\/2026\/07\/IMG-20260730-WA0005-24x24.jpg 24w, https:\/\/sinprfsp.org.br\/wp-content\/uploads\/2026\/07\/IMG-20260730-WA0005-48x48.jpg 48w, https:\/\/sinprfsp.org.br\/wp-content\/uploads\/2026\/07\/IMG-20260730-WA0005-96x96.jpg 96w, https:\/\/sinprfsp.org.br\/wp-content\/uploads\/2026\/07\/IMG-20260730-WA0005-150x150.jpg 150w, https:\/\/sinprfsp.org.br\/wp-content\/uploads\/2026\/07\/IMG-20260730-WA0005-300x300.jpg 300w\" sizes=\"(max-width: 600px) 100vw, 600px\" \/><\/div>\n\t\t<\/a>\n\t\t\t\t<div class=\"elementor-post__text\">\n\t\t\t\t<h3 class=\"elementor-post__title\">\n\t\t\t<a href=\"https:\/\/sinprfsp.org.br\/index.php\/2026\/07\/30\/justica-reconhece-direito-ao-computo-de-tempo-de-servico-policial-e-militar-para-aposentadoria-de-policiais-rodoviarios-federais\/\" >\n\t\t\t\tJusti\u00e7a reconhece direito ao c\u00f4mputo de tempo de servi\u00e7o policial e militar para aposentadoria de Policiais Rodovi\u00e1rios Federais\t\t\t<\/a>\n\t\t<\/h3>\n\t\t\t\t<div class=\"elementor-post__meta-data\">\n\t\t\t\t\t<span class=\"elementor-post-date\">\n\t\t\t30 de julho de 2026\t\t<\/span>\n\t\t\t\t<\/div>\n\t\t\t\t<div class=\"elementor-post__excerpt\">\n\t\t\t<p>A Federa\u00e7\u00e3o Nacional dos Policiais Rodovi\u00e1rios Federais (FenaPRF) obteve importante decis\u00e3o judicial na a\u00e7\u00e3o coletiva n\u00ba 1067204-24.2024.4.01.3400, ajuizada em conjunto com outras entidades representativas contra<\/p>\n\t\t<\/div>\n\t\t\t\t<\/div>\n\t\t\t\t<\/article>\n\t\t\t\t<\/div>\n\t\t\t\t<nav class=\"elementor-pagination\" role=\"navigation\" aria-label=\"Pagination\">\n\t\t\t<span class=\"page-numbers prev\">&laquo; Anterior<\/span>\n<span aria-current=\"page\" class=\"page-numbers current\"><span class=\"elementor-screen-only\">Page<\/span>1<\/span>\n<a class=\"page-numbers\" href=\"https:\/\/sinprfsp.org.br\/index.php\/wp-json\/wp\/v2\/pages\/16654\/page\/2\/\"><span class=\"elementor-screen-only\">Page<\/span>2<\/a>\n<a class=\"page-numbers\" href=\"https:\/\/sinprfsp.org.br\/index.php\/wp-json\/wp\/v2\/pages\/16654\/page\/3\/\"><span class=\"elementor-screen-only\">Page<\/span>3<\/a>\n<span class=\"page-numbers dots\">&hellip;<\/span>\n<a class=\"page-numbers\" href=\"https:\/\/sinprfsp.org.br\/index.php\/wp-json\/wp\/v2\/pages\/16654\/page\/144\/\"><span class=\"elementor-screen-only\">Page<\/span>144<\/a>\n<a class=\"page-numbers next\" href=\"https:\/\/sinprfsp.org.br\/index.php\/wp-json\/wp\/v2\/pages\/16654\/page\/2\/\">Pr\u00f3xima &raquo;<\/a>\t\t<\/nav>\n\t\t\t\t\t\t<\/div>\n\t\t\t\t<\/div>\n\t\t\t\t\t<\/div>\n\t\t<\/div>\n\t\t\t\t\t<\/div>\n\t\t<\/section>\n\t\t\t\t<\/div>\n\t\t","protected":false},"excerpt":{"rendered":"","protected":false},"author":3,"featured_media":0,"parent":0,"menu_order":0,"comment_status":"closed","ping_status":"closed","template":"","meta":{"footnotes":""},"class_list":["post-16654","page","type-page","status-publish","hentry"],"_links":{"self":[{"href":"https:\/\/sinprfsp.org.br\/index.php\/wp-json\/wp\/v2\/pages\/16654","targetHints":{"allow":["GET"]}}],"collection":[{"href":"https:\/\/sinprfsp.org.br\/index.php\/wp-json\/wp\/v2\/pages"}],"about":[{"href":"https:\/\/sinprfsp.org.br\/index.php\/wp-json\/wp\/v2\/types\/page"}],"author":[{"embeddable":true,"href":"https:\/\/sinprfsp.org.br\/index.php\/wp-json\/wp\/v2\/users\/3"}],"replies":[{"embeddable":true,"href":"https:\/\/sinprfsp.org.br\/index.php\/wp-json\/wp\/v2\/comments?post=16654"}],"version-history":[{"count":4,"href":"https:\/\/sinprfsp.org.br\/index.php\/wp-json\/wp\/v2\/pages\/16654\/revisions"}],"predecessor-version":[{"id":16658,"href":"https:\/\/sinprfsp.org.br\/index.php\/wp-json\/wp\/v2\/pages\/16654\/revisions\/16658"}],"wp:attachment":[{"href":"https:\/\/sinprfsp.org.br\/index.php\/wp-json\/wp\/v2\/media?parent=16654"}],"curies":[{"name":"wp","href":"https:\/\/api.w.org\/{rel}","templated":true}]}}