{"id":16807,"date":"2022-01-31T14:50:17","date_gmt":"2022-01-31T17:50:17","guid":{"rendered":"https:\/\/mjtom.com.br\/site1\/?page_id=16807"},"modified":"2022-01-31T14:56:03","modified_gmt":"2022-01-31T17:56:03","slug":"noticias-gerais","status":"publish","type":"page","link":"https:\/\/sinprfsp.org.br\/index.php\/noticias-gerais\/","title":{"rendered":"Not\u00edcias Gerais"},"content":{"rendered":"\t\t<div data-elementor-type=\"wp-page\" data-elementor-id=\"16807\" class=\"elementor elementor-16807\">\n\t\t\t\t\t\t<section class=\"elementor-section elementor-top-section elementor-element elementor-element-42fdeb26 elementor-section-boxed elementor-section-height-default elementor-section-height-default\" data-id=\"42fdeb26\" data-element_type=\"section\">\n\t\t\t\t\t\t<div class=\"elementor-container elementor-column-gap-default\">\n\t\t\t\t\t<div class=\"elementor-column elementor-col-100 elementor-top-column elementor-element elementor-element-4dd4a4fe top column-style-top\" data-id=\"4dd4a4fe\" data-element_type=\"column\">\n\t\t\t<div class=\"elementor-widget-wrap elementor-element-populated\">\n\t\t\t\t\t\t<div class=\"elementor-element elementor-element-dcca2d9 elementor-grid-3 elementor-grid-tablet-2 elementor-grid-mobile-1 elementor-posts--thumbnail-top elementor-widget elementor-widget-posts\" data-id=\"dcca2d9\" data-element_type=\"widget\" data-settings=\"{&quot;classic_columns&quot;:&quot;3&quot;,&quot;classic_columns_tablet&quot;:&quot;2&quot;,&quot;classic_columns_mobile&quot;:&quot;1&quot;,&quot;classic_row_gap&quot;:{&quot;unit&quot;:&quot;px&quot;,&quot;size&quot;:35,&quot;sizes&quot;:[]}}\" data-widget_type=\"posts.classic\">\n\t\t\t\t<div class=\"elementor-widget-container\">\n\t\t\t\t\t\t\t<div class=\"elementor-posts-container elementor-posts elementor-posts--skin-classic elementor-grid\">\n\t\t\t\t<article class=\"elementor-post elementor-grid-item post-19763 post type-post status-publish format-standard has-post-thumbnail hentry category-noticias-gerais\">\n\t\t\t\t<a class=\"elementor-post__thumbnail__link\" href=\"https:\/\/sinprfsp.org.br\/index.php\/2026\/01\/22\/fenaprf-fenapef-e-cobrapol-articulam-junto-ao-governo-federal-o-resgate-da-previdencia-e-pensao-policial-na-pec-18-2025\/\" >\n\t\t\t<div class=\"elementor-post__thumbnail\"><img fetchpriority=\"high\" decoding=\"async\" width=\"600\" height=\"600\" src=\"https:\/\/sinprfsp.org.br\/wp-content\/uploads\/2026\/01\/FenaPRF-e-Gleisi-600x600.jpeg\" class=\"attachment-medium size-medium wp-image-19764\" alt=\"\" srcset=\"https:\/\/sinprfsp.org.br\/wp-content\/uploads\/2026\/01\/FenaPRF-e-Gleisi-600x600.jpeg 600w, https:\/\/sinprfsp.org.br\/wp-content\/uploads\/2026\/01\/FenaPRF-e-Gleisi-180x180.jpeg 180w, https:\/\/sinprfsp.org.br\/wp-content\/uploads\/2026\/01\/FenaPRF-e-Gleisi-24x24.jpeg 24w, https:\/\/sinprfsp.org.br\/wp-content\/uploads\/2026\/01\/FenaPRF-e-Gleisi-48x48.jpeg 48w, https:\/\/sinprfsp.org.br\/wp-content\/uploads\/2026\/01\/FenaPRF-e-Gleisi-96x96.jpeg 96w, https:\/\/sinprfsp.org.br\/wp-content\/uploads\/2026\/01\/FenaPRF-e-Gleisi-150x150.jpeg 150w, https:\/\/sinprfsp.org.br\/wp-content\/uploads\/2026\/01\/FenaPRF-e-Gleisi-300x300.jpeg 300w\" sizes=\"(max-width: 600px) 100vw, 600px\" \/><\/div>\n\t\t<\/a>\n\t\t\t\t<div class=\"elementor-post__text\">\n\t\t\t\t<h3 class=\"elementor-post__title\">\n\t\t\t<a href=\"https:\/\/sinprfsp.org.br\/index.php\/2026\/01\/22\/fenaprf-fenapef-e-cobrapol-articulam-junto-ao-governo-federal-o-resgate-da-previdencia-e-pensao-policial-na-pec-18-2025\/\" >\n\t\t\t\tFenaPRF, Fenapef e Cobrapol articulam junto ao Governo Federal o resgate da previd\u00eancia e pens\u00e3o policial na PEC 18\/2025\t\t\t<\/a>\n\t\t<\/h3>\n\t\t\t\t<div class=\"elementor-post__meta-data\">\n\t\t\t\t\t<span class=\"elementor-post-date\">\n\t\t\t22 de janeiro de 2026\t\t<\/span>\n\t\t\t\t<\/div>\n\t\t\t\t<div class=\"elementor-post__excerpt\">\n\t\t\t<p>Em reuni\u00e3o com a Ministra Gleisi Hoffmann, entidades buscaram o apoio do governo \u00e0s emendas e destaques que garantem justi\u00e7a e seguran\u00e7a jur\u00eddica no trabalho<\/p>\n\t\t<\/div>\n\t\t\t\t<\/div>\n\t\t\t\t<\/article>\n\t\t\t\t<article class=\"elementor-post elementor-grid-item post-19756 post type-post status-publish format-standard has-post-thumbnail hentry category-noticias-gerais\">\n\t\t\t\t<a class=\"elementor-post__thumbnail__link\" href=\"https:\/\/sinprfsp.org.br\/index.php\/2026\/01\/20\/sistema-sindical-prf-reune-se-com-dgp-para-garantir-direito-ao-magisterio-e-derrubada-de-vetos-apos-promulgacao-da-ec-138-2025\/\" >\n\t\t\t<div class=\"elementor-post__thumbnail\"><img decoding=\"async\" width=\"600\" height=\"600\" src=\"https:\/\/sinprfsp.org.br\/wp-content\/uploads\/2026\/01\/DPRF-600x600.jpg\" class=\"attachment-medium size-medium wp-image-19757\" alt=\"\" srcset=\"https:\/\/sinprfsp.org.br\/wp-content\/uploads\/2026\/01\/DPRF-600x600.jpg 600w, https:\/\/sinprfsp.org.br\/wp-content\/uploads\/2026\/01\/DPRF-180x180.jpg 180w, https:\/\/sinprfsp.org.br\/wp-content\/uploads\/2026\/01\/DPRF-24x24.jpg 24w, https:\/\/sinprfsp.org.br\/wp-content\/uploads\/2026\/01\/DPRF-48x48.jpg 48w, https:\/\/sinprfsp.org.br\/wp-content\/uploads\/2026\/01\/DPRF-96x96.jpg 96w, https:\/\/sinprfsp.org.br\/wp-content\/uploads\/2026\/01\/DPRF-150x150.jpg 150w, https:\/\/sinprfsp.org.br\/wp-content\/uploads\/2026\/01\/DPRF-300x300.jpg 300w\" sizes=\"(max-width: 600px) 100vw, 600px\" \/><\/div>\n\t\t<\/a>\n\t\t\t\t<div class=\"elementor-post__text\">\n\t\t\t\t<h3 class=\"elementor-post__title\">\n\t\t\t<a href=\"https:\/\/sinprfsp.org.br\/index.php\/2026\/01\/20\/sistema-sindical-prf-reune-se-com-dgp-para-garantir-direito-ao-magisterio-e-derrubada-de-vetos-apos-promulgacao-da-ec-138-2025\/\" >\n\t\t\t\tSistema Sindical PRF re\u00fane-se com DGP para garantir direito ao magist\u00e9rio e derrubada de vetos ap\u00f3s promulga\u00e7\u00e3o da EC 138\/2025\t\t\t<\/a>\n\t\t<\/h3>\n\t\t\t\t<div class=\"elementor-post__meta-data\">\n\t\t\t\t\t<span class=\"elementor-post-date\">\n\t\t\t20 de janeiro de 2026\t\t<\/span>\n\t\t\t\t<\/div>\n\t\t\t\t<div class=\"elementor-post__excerpt\">\n\t\t\t<p>Entidade cobra regulamenta\u00e7\u00e3o e nova postura da AGU diante da permiss\u00e3o constitucional para acumula\u00e7\u00e3o de cargos O Vice-Presidente da FenaPRF, Jos\u00e9 Henrique, e o Coordenador<\/p>\n\t\t<\/div>\n\t\t\t\t<\/div>\n\t\t\t\t<\/article>\n\t\t\t\t<article class=\"elementor-post elementor-grid-item post-19754 post type-post status-publish format-standard has-post-thumbnail hentry category-noticias-gerais\">\n\t\t\t\t<a class=\"elementor-post__thumbnail__link\" href=\"https:\/\/sinprfsp.org.br\/index.php\/2026\/01\/17\/nota-de-falecimento-prf-aposentado-valdir-jose-leite\/\" >\n\t\t\t<div class=\"elementor-post__thumbnail\"><img decoding=\"async\" width=\"600\" height=\"600\" src=\"https:\/\/sinprfsp.org.br\/wp-content\/uploads\/2025\/10\/Falecimento-600x600.jpg\" class=\"attachment-medium size-medium wp-image-19615\" alt=\"\" srcset=\"https:\/\/sinprfsp.org.br\/wp-content\/uploads\/2025\/10\/Falecimento-600x600.jpg 600w, https:\/\/sinprfsp.org.br\/wp-content\/uploads\/2025\/10\/Falecimento-1024x1024.jpg 1024w, https:\/\/sinprfsp.org.br\/wp-content\/uploads\/2025\/10\/Falecimento-180x180.jpg 180w, https:\/\/sinprfsp.org.br\/wp-content\/uploads\/2025\/10\/Falecimento-768x768.jpg 768w, https:\/\/sinprfsp.org.br\/wp-content\/uploads\/2025\/10\/Falecimento-24x24.jpg 24w, https:\/\/sinprfsp.org.br\/wp-content\/uploads\/2025\/10\/Falecimento-48x48.jpg 48w, https:\/\/sinprfsp.org.br\/wp-content\/uploads\/2025\/10\/Falecimento-96x96.jpg 96w, https:\/\/sinprfsp.org.br\/wp-content\/uploads\/2025\/10\/Falecimento-150x150.jpg 150w, https:\/\/sinprfsp.org.br\/wp-content\/uploads\/2025\/10\/Falecimento-300x300.jpg 300w, https:\/\/sinprfsp.org.br\/wp-content\/uploads\/2025\/10\/Falecimento.jpg 1080w\" sizes=\"(max-width: 600px) 100vw, 600px\" \/><\/div>\n\t\t<\/a>\n\t\t\t\t<div class=\"elementor-post__text\">\n\t\t\t\t<h3 class=\"elementor-post__title\">\n\t\t\t<a href=\"https:\/\/sinprfsp.org.br\/index.php\/2026\/01\/17\/nota-de-falecimento-prf-aposentado-valdir-jose-leite\/\" >\n\t\t\t\tNota de falecimento \u2013 PRF aposentado Valdir Jos\u00e9 Leite\t\t\t<\/a>\n\t\t<\/h3>\n\t\t\t\t<div class=\"elementor-post__meta-data\">\n\t\t\t\t\t<span class=\"elementor-post-date\">\n\t\t\t17 de janeiro de 2026\t\t<\/span>\n\t\t\t\t<\/div>\n\t\t\t\t<div class=\"elementor-post__excerpt\">\n\t\t\t<p>\u00c9 com imenso pesar que a Diretoria do Sindicato dos Policiais Rodovi\u00e1rios Federais no Estado de S\u00e3o Paulo (SINPRF-SP) comunica o falecimento do&nbsp;Policial Rodovi\u00e1rio Federal<\/p>\n\t\t<\/div>\n\t\t\t\t<\/div>\n\t\t\t\t<\/article>\n\t\t\t\t<article class=\"elementor-post elementor-grid-item post-19748 post type-post status-publish format-standard has-post-thumbnail hentry category-noticias-gerais\">\n\t\t\t\t<a class=\"elementor-post__thumbnail__link\" href=\"https:\/\/sinprfsp.org.br\/index.php\/2026\/01\/14\/advogado-wellington-cesar-lima-e-silva-e-o-novo-ministro-da-justica-e-da-seguranca-publica\/\" >\n\t\t\t<div class=\"elementor-post__thumbnail\"><img loading=\"lazy\" decoding=\"async\" width=\"600\" height=\"600\" src=\"https:\/\/sinprfsp.org.br\/wp-content\/uploads\/2026\/01\/Ministro-da-Jutica-Wellington-Cesar-Lima-e-Silva-600x600.jpg\" class=\"attachment-medium size-medium wp-image-19749\" alt=\"\" srcset=\"https:\/\/sinprfsp.org.br\/wp-content\/uploads\/2026\/01\/Ministro-da-Jutica-Wellington-Cesar-Lima-e-Silva-600x600.jpg 600w, https:\/\/sinprfsp.org.br\/wp-content\/uploads\/2026\/01\/Ministro-da-Jutica-Wellington-Cesar-Lima-e-Silva-180x180.jpg 180w, https:\/\/sinprfsp.org.br\/wp-content\/uploads\/2026\/01\/Ministro-da-Jutica-Wellington-Cesar-Lima-e-Silva-24x24.jpg 24w, https:\/\/sinprfsp.org.br\/wp-content\/uploads\/2026\/01\/Ministro-da-Jutica-Wellington-Cesar-Lima-e-Silva-48x48.jpg 48w, https:\/\/sinprfsp.org.br\/wp-content\/uploads\/2026\/01\/Ministro-da-Jutica-Wellington-Cesar-Lima-e-Silva-96x96.jpg 96w, https:\/\/sinprfsp.org.br\/wp-content\/uploads\/2026\/01\/Ministro-da-Jutica-Wellington-Cesar-Lima-e-Silva-150x150.jpg 150w, https:\/\/sinprfsp.org.br\/wp-content\/uploads\/2026\/01\/Ministro-da-Jutica-Wellington-Cesar-Lima-e-Silva-300x300.jpg 300w\" sizes=\"(max-width: 600px) 100vw, 600px\" \/><\/div>\n\t\t<\/a>\n\t\t\t\t<div class=\"elementor-post__text\">\n\t\t\t\t<h3 class=\"elementor-post__title\">\n\t\t\t<a href=\"https:\/\/sinprfsp.org.br\/index.php\/2026\/01\/14\/advogado-wellington-cesar-lima-e-silva-e-o-novo-ministro-da-justica-e-da-seguranca-publica\/\" >\n\t\t\t\tAdvogado Wellington C\u00e9sar Lima e Silva \u00e9 o novo ministro da Justi\u00e7a e da Seguran\u00e7a P\u00fablica\t\t\t<\/a>\n\t\t<\/h3>\n\t\t\t\t<div class=\"elementor-post__meta-data\">\n\t\t\t\t\t<span class=\"elementor-post-date\">\n\t\t\t14 de janeiro de 2026\t\t<\/span>\n\t\t\t\t<\/div>\n\t\t\t\t<div class=\"elementor-post__excerpt\">\n\t\t\t<p>A Federa\u00e7\u00e3o Nacional dos Policiais Rodovi\u00e1rios Federais (FenaPRF) parabeniza o advogado Wellington C\u00e9sar Lima e Silva por sua nomea\u00e7\u00e3o, pelo Presidente da Rep\u00fablica, para o<\/p>\n\t\t<\/div>\n\t\t\t\t<\/div>\n\t\t\t\t<\/article>\n\t\t\t\t<article class=\"elementor-post elementor-grid-item post-19746 post type-post status-publish format-standard has-post-thumbnail hentry category-noticias-gerais\">\n\t\t\t\t<a class=\"elementor-post__thumbnail__link\" href=\"https:\/\/sinprfsp.org.br\/index.php\/2026\/01\/14\/nota-de-falecimento-prf-aposentado-anibal-rosa-pinto\/\" >\n\t\t\t<div class=\"elementor-post__thumbnail\"><img decoding=\"async\" width=\"600\" height=\"600\" src=\"https:\/\/sinprfsp.org.br\/wp-content\/uploads\/2025\/10\/Falecimento-600x600.jpg\" class=\"attachment-medium size-medium wp-image-19615\" alt=\"\" srcset=\"https:\/\/sinprfsp.org.br\/wp-content\/uploads\/2025\/10\/Falecimento-600x600.jpg 600w, https:\/\/sinprfsp.org.br\/wp-content\/uploads\/2025\/10\/Falecimento-1024x1024.jpg 1024w, https:\/\/sinprfsp.org.br\/wp-content\/uploads\/2025\/10\/Falecimento-180x180.jpg 180w, https:\/\/sinprfsp.org.br\/wp-content\/uploads\/2025\/10\/Falecimento-768x768.jpg 768w, https:\/\/sinprfsp.org.br\/wp-content\/uploads\/2025\/10\/Falecimento-24x24.jpg 24w, https:\/\/sinprfsp.org.br\/wp-content\/uploads\/2025\/10\/Falecimento-48x48.jpg 48w, https:\/\/sinprfsp.org.br\/wp-content\/uploads\/2025\/10\/Falecimento-96x96.jpg 96w, https:\/\/sinprfsp.org.br\/wp-content\/uploads\/2025\/10\/Falecimento-150x150.jpg 150w, https:\/\/sinprfsp.org.br\/wp-content\/uploads\/2025\/10\/Falecimento-300x300.jpg 300w, https:\/\/sinprfsp.org.br\/wp-content\/uploads\/2025\/10\/Falecimento.jpg 1080w\" sizes=\"(max-width: 600px) 100vw, 600px\" \/><\/div>\n\t\t<\/a>\n\t\t\t\t<div class=\"elementor-post__text\">\n\t\t\t\t<h3 class=\"elementor-post__title\">\n\t\t\t<a href=\"https:\/\/sinprfsp.org.br\/index.php\/2026\/01\/14\/nota-de-falecimento-prf-aposentado-anibal-rosa-pinto\/\" >\n\t\t\t\tNota de falecimento \u2013 PRF aposentado Anibal Rosa Pinto\t\t\t<\/a>\n\t\t<\/h3>\n\t\t\t\t<div class=\"elementor-post__meta-data\">\n\t\t\t\t\t<span class=\"elementor-post-date\">\n\t\t\t14 de janeiro de 2026\t\t<\/span>\n\t\t\t\t<\/div>\n\t\t\t\t<div class=\"elementor-post__excerpt\">\n\t\t\t<p>\u00c9 com imenso pesar que a Diretoria do Sindicato dos Policiais Rodovi\u00e1rios Federais no Estado de S\u00e3o Paulo (SINPRF-SP) comunica o falecimento do&nbsp;Policial Rodovi\u00e1rio Federal<\/p>\n\t\t<\/div>\n\t\t\t\t<\/div>\n\t\t\t\t<\/article>\n\t\t\t\t<article class=\"elementor-post elementor-grid-item post-19742 post type-post status-publish format-standard has-post-thumbnail hentry category-noticias-gerais\">\n\t\t\t\t<a class=\"elementor-post__thumbnail__link\" href=\"https:\/\/sinprfsp.org.br\/index.php\/2026\/01\/14\/nota-de-falecimento-prf-aposentado-itabajara-aparecido-ribeiro-da-silva\/\" >\n\t\t\t<div class=\"elementor-post__thumbnail\"><img decoding=\"async\" width=\"600\" height=\"600\" src=\"https:\/\/sinprfsp.org.br\/wp-content\/uploads\/2025\/10\/Falecimento-600x600.jpg\" class=\"attachment-medium size-medium wp-image-19615\" alt=\"\" srcset=\"https:\/\/sinprfsp.org.br\/wp-content\/uploads\/2025\/10\/Falecimento-600x600.jpg 600w, https:\/\/sinprfsp.org.br\/wp-content\/uploads\/2025\/10\/Falecimento-1024x1024.jpg 1024w, https:\/\/sinprfsp.org.br\/wp-content\/uploads\/2025\/10\/Falecimento-180x180.jpg 180w, https:\/\/sinprfsp.org.br\/wp-content\/uploads\/2025\/10\/Falecimento-768x768.jpg 768w, https:\/\/sinprfsp.org.br\/wp-content\/uploads\/2025\/10\/Falecimento-24x24.jpg 24w, https:\/\/sinprfsp.org.br\/wp-content\/uploads\/2025\/10\/Falecimento-48x48.jpg 48w, https:\/\/sinprfsp.org.br\/wp-content\/uploads\/2025\/10\/Falecimento-96x96.jpg 96w, https:\/\/sinprfsp.org.br\/wp-content\/uploads\/2025\/10\/Falecimento-150x150.jpg 150w, https:\/\/sinprfsp.org.br\/wp-content\/uploads\/2025\/10\/Falecimento-300x300.jpg 300w, https:\/\/sinprfsp.org.br\/wp-content\/uploads\/2025\/10\/Falecimento.jpg 1080w\" sizes=\"(max-width: 600px) 100vw, 600px\" \/><\/div>\n\t\t<\/a>\n\t\t\t\t<div class=\"elementor-post__text\">\n\t\t\t\t<h3 class=\"elementor-post__title\">\n\t\t\t<a href=\"https:\/\/sinprfsp.org.br\/index.php\/2026\/01\/14\/nota-de-falecimento-prf-aposentado-itabajara-aparecido-ribeiro-da-silva\/\" >\n\t\t\t\tNota de falecimento \u2013 PRF aposentado Itabajara Aparecido Ribeiro da Silva\t\t\t<\/a>\n\t\t<\/h3>\n\t\t\t\t<div class=\"elementor-post__meta-data\">\n\t\t\t\t\t<span class=\"elementor-post-date\">\n\t\t\t14 de janeiro de 2026\t\t<\/span>\n\t\t\t\t<\/div>\n\t\t\t\t<div class=\"elementor-post__excerpt\">\n\t\t\t<p>\u00c9 com imenso pesar que a Diretoria do Sindicato dos Policiais Rodovi\u00e1rios Federais no Estado de S\u00e3o Paulo (SINPRF-SP) comunica o falecimento do\u00a0Policial Rodovi\u00e1rio Federal<\/p>\n\t\t<\/div>\n\t\t\t\t<\/div>\n\t\t\t\t<\/article>\n\t\t\t\t<\/div>\n\t\t\t\t<nav class=\"elementor-pagination\" role=\"navigation\" aria-label=\"Pagination\">\n\t\t\t<span class=\"page-numbers prev\">&laquo; Anterior<\/span>\n<span aria-current=\"page\" class=\"page-numbers current\"><span class=\"elementor-screen-only\">Page<\/span>1<\/span>\n<a class=\"page-numbers\" href=\"https:\/\/sinprfsp.org.br\/index.php\/wp-json\/wp\/v2\/pages\/16807\/page\/2\/\"><span class=\"elementor-screen-only\">Page<\/span>2<\/a>\n<a class=\"page-numbers\" href=\"https:\/\/sinprfsp.org.br\/index.php\/wp-json\/wp\/v2\/pages\/16807\/page\/3\/\"><span class=\"elementor-screen-only\">Page<\/span>3<\/a>\n<span class=\"page-numbers dots\">&hellip;<\/span>\n<a class=\"page-numbers\" href=\"https:\/\/sinprfsp.org.br\/index.php\/wp-json\/wp\/v2\/pages\/16807\/page\/48\/\"><span class=\"elementor-screen-only\">Page<\/span>48<\/a>\n<a class=\"page-numbers next\" href=\"https:\/\/sinprfsp.org.br\/index.php\/wp-json\/wp\/v2\/pages\/16807\/page\/2\/\">Pr\u00f3xima &raquo;<\/a>\t\t<\/nav>\n\t\t\t\t\t\t<\/div>\n\t\t\t\t<\/div>\n\t\t\t\t\t<\/div>\n\t\t<\/div>\n\t\t\t\t\t<\/div>\n\t\t<\/section>\n\t\t\t\t<\/div>\n\t\t","protected":false},"excerpt":{"rendered":"","protected":false},"author":3,"featured_media":0,"parent":0,"menu_order":0,"comment_status":"closed","ping_status":"closed","template":"","meta":{"footnotes":""},"class_list":["post-16807","page","type-page","status-publish","hentry"],"_links":{"self":[{"href":"https:\/\/sinprfsp.org.br\/index.php\/wp-json\/wp\/v2\/pages\/16807","targetHints":{"allow":["GET"]}}],"collection":[{"href":"https:\/\/sinprfsp.org.br\/index.php\/wp-json\/wp\/v2\/pages"}],"about":[{"href":"https:\/\/sinprfsp.org.br\/index.php\/wp-json\/wp\/v2\/types\/page"}],"author":[{"embeddable":true,"href":"https:\/\/sinprfsp.org.br\/index.php\/wp-json\/wp\/v2\/users\/3"}],"replies":[{"embeddable":true,"href":"https:\/\/sinprfsp.org.br\/index.php\/wp-json\/wp\/v2\/comments?post=16807"}],"version-history":[{"count":4,"href":"https:\/\/sinprfsp.org.br\/index.php\/wp-json\/wp\/v2\/pages\/16807\/revisions"}],"predecessor-version":[{"id":16812,"href":"https:\/\/sinprfsp.org.br\/index.php\/wp-json\/wp\/v2\/pages\/16807\/revisions\/16812"}],"wp:attachment":[{"href":"https:\/\/sinprfsp.org.br\/index.php\/wp-json\/wp\/v2\/media?parent=16807"}],"curies":[{"name":"wp","href":"https:\/\/api.w.org\/{rel}","templated":true}]}}